{"id":391,"date":"2021-05-06T18:29:05","date_gmt":"2021-05-06T16:29:05","guid":{"rendered":"https:\/\/idee.gilles.link\/?page_id=391"},"modified":"2023-02-27T09:20:40","modified_gmt":"2023-02-27T08:20:40","slug":"changer-methodes","status":"publish","type":"page","link":"https:\/\/idee.gilles.link\/index.php\/vision\/changer-methodes\/","title":{"rendered":"Changer de m\u00e9thodes"},"content":{"rendered":"<div id=\"pl-391\"  class=\"panel-layout\" ><div id=\"pg-391-0\"  class=\"panel-grid panel-no-style\" ><div id=\"pgc-391-0-0\"  class=\"panel-grid-cell\" ><div id=\"panel-391-0-0-0\" class=\"so-panel widget widget_sow-editor panel-first-child panel-last-child\" data-index=\"0\" ><div\n\t\t\t\n\t\t\tclass=\"so-widget-sow-editor so-widget-sow-editor-base\"\n\t\t\t\n\t\t>\n<div class=\"siteorigin-widget-tinymce textwidget\">\n\t<h1>Changer de m\u00e9thodes<\/h1>\n<p style=\"padding-left: 40px;\">La n\u00e9cessit\u00e9 de changer de m\u00e9thodes, c\u2019est le constat que fait souvent Nicolas Hulot.<\/p>\n<p style=\"padding-left: 40px;\">La n\u00e9cessit\u00e9 de changer de paradigme des moyens \u00e0 une obligation de r\u00e9sultat, c\u2019est ce qu\u2019a propos\u00e9 Pierre Calame \u00e0 la convention citoyenne pour le climat.<\/p>\n<p style=\"padding-left: 40px;\">Certains incriminent la volont\u00e9, d\u2019autres l\u2019acceptabilit\u00e9.<\/p>\n<p style=\"padding-left: 40px;\">L\u2019une et l\u2019autre progresse, mais si lentement !<\/p>\n<p style=\"padding-left: 40px;\">Comment acc\u00e9l\u00e9rer ?<\/p>\n<p style=\"padding-left: 40px;\">Il est juste de dire que on ne peut avoir des ambitions qui ne seraient pas accept\u00e9es.<\/p>\n<p style=\"padding-left: 40px;\">Par contre faire croire \u00e0 de fortes ambitions et ne pas s\u2019astreindre \u00e0 les tenir, voila la mauvaise m\u00e9thode.<\/p>\n<p style=\"padding-left: 40px;\">Points cl\u00e9s d\u2019un changement de m\u00e9thodes pour augmenter les r\u00e9sultats\u00a0 :<\/p>\n<p style=\"padding-left: 80px;\">Caler l'ambition des proposition sur le niveau d'acceptation (un peu au dessus tout de m\u00eame)<\/p>\n<p style=\"padding-left: 80px;\">Mais au pr\u00e9alable Aider a augmenter (fortement)\u00a0 le niveau d\u2019acceptation (<strong><span style=\"color: #ff0000;\">1<\/span><\/strong>) :<\/p>\n<ul>\n<li style=\"list-style-type: none;\">\n<ul>\n<li style=\"list-style-type: none;\">\n<ul>\n<li>Faire parler la science (\u00e9ducation, \u2026)<\/li>\n<li>Faire parler la justice (r\u00e9duire les in\u00e9galit\u00e9s , outils de mesures , libert\u00e9 de choix \u2026)<\/li>\n<li>Faire parler la d\u00e9mocratie (choix collectif du curseur de l\u2019effort)<\/li>\n<li>Faire la solidarit\u00e9 (aides \u00e0 l\u2019adaptation)<\/li>\n<\/ul>\n<\/li>\n<\/ul>\n<\/li>\n<\/ul>\n<p style=\"padding-left: 80px;\">Passer de moyens \u00e0 une obligation de r\u00e9sultat<\/p>\n<ul>\n<li style=\"list-style-type: none;\">\n<ul>\n<li style=\"list-style-type: none;\">\n<ul>\n<li>Compter avec une unit\u00e9 de compte solide (<strong><span style=\"color: #ff0000;\">2<\/span><\/strong>) (c'est en partie l'objet de cette proposition)<\/li>\n<li>mesurer la performance et prendre des actions correctives\u00a0 si l'objectif n'est pas atteint (<strong><span style=\"color: #ff0000;\">3<\/span><\/strong>)<\/li>\n<\/ul>\n<\/li>\n<\/ul>\n<\/li>\n<\/ul>\n<\/div>\n<\/div><\/div><\/div><div id=\"pgc-391-0-1\"  class=\"panel-grid-cell\" ><div id=\"panel-391-0-1-0\" class=\"so-panel widget widget_sow-image panel-first-child panel-last-child\" data-index=\"1\" ><div\n\t\t\t\n\t\t\tclass=\"so-widget-sow-image so-widget-sow-image-default-8b5b6f678277-391\"\n\t\t\t\n\t\t>\n\n<div class=\"sow-image-container\">\n\t\t\t<a href=\"https:\/\/idee.gilles.link\/index.php\/vision\/\"\n\t\t\t\t\t>\n\t\t\t<img loading=\"lazy\" decoding=\"async\" src=\"https:\/\/idee.gilles.link\/wp-content\/uploads\/2021\/05\/retour-1.png\" width=\"70\" height=\"70\" sizes=\"auto, (max-width: 70px) 100vw, 70px\" title=\"retour\" alt=\"\" \t\tclass=\"so-widget-image\"\/>\n\t<\/a><\/div>\n\n<\/div><\/div><\/div><\/div><div id=\"pg-391-1\"  class=\"panel-grid panel-no-style\" ><div id=\"pgc-391-1-0\"  class=\"panel-grid-cell panel-grid-cell-mobile-last\" ><div id=\"panel-391-1-0-0\" class=\"so-panel widget widget_sow-image panel-first-child panel-last-child\" data-index=\"2\" ><div\n\t\t\t\n\t\t\tclass=\"so-widget-sow-image so-widget-sow-image-default-8b5b6f678277-391\"\n\t\t\t\n\t\t>\n\n<div class=\"sow-image-container\">\n\t\t<img loading=\"lazy\" decoding=\"async\" src=\"https:\/\/idee.gilles.link\/wp-content\/uploads\/2021\/05\/methode_2-1.jpg\" width=\"939\" height=\"721\" srcset=\"https:\/\/idee.gilles.link\/wp-content\/uploads\/2021\/05\/methode_2-1.jpg 939w, https:\/\/idee.gilles.link\/wp-content\/uploads\/2021\/05\/methode_2-1-300x230.jpg 300w, https:\/\/idee.gilles.link\/wp-content\/uploads\/2021\/05\/methode_2-1-768x590.jpg 768w\" sizes=\"auto, (max-width: 939px) 100vw, 939px\" title=\"methode_2\" alt=\"\" \t\tclass=\"so-widget-image\"\/>\n\t<\/div>\n\n<\/div><\/div><\/div><div id=\"pgc-391-1-1\"  class=\"panel-grid-cell panel-grid-cell-empty\" ><\/div><\/div><div id=\"pg-391-2\"  class=\"panel-grid panel-no-style\" ><div id=\"pgc-391-2-0\"  class=\"panel-grid-cell panel-grid-cell-mobile-last\" ><div id=\"panel-391-2-0-0\" class=\"so-panel widget widget_sow-editor panel-first-child panel-last-child\" data-index=\"3\" ><div\n\t\t\t\n\t\t\tclass=\"so-widget-sow-editor so-widget-sow-editor-base\"\n\t\t\t\n\t\t>\n<div class=\"siteorigin-widget-tinymce textwidget\">\n\t<p style=\"padding-left: 40px;\">Les 30 derni\u00e8res ann\u00e9es , en France :<\/p>\n<p style=\"padding-left: 80px;\">les objectifs \u00e9taient ambitieux : r\u00e9duire par un facteur 4 nos \u00e9missions GES (100 en 1990 -&gt; 25 en 2050 )<\/p>\n<p style=\"padding-left: 80px;\">Nos r\u00e9alisations sont sur une pente de r\u00e9duction facteur 2 , soit 50 % de l'objectif\u00a0 si on consid\u00e8re les \u00e9missions en France (inventaire)<\/p>\n<p style=\"padding-left: 80px;\">mais n\u00e9gatives (on augmente les \u00e9missions au lieu de les r\u00e9duire) si on consid\u00e8re l'empreinte carbone ( \u00e9missions en France + \u00e9missions import\u00e9es)<\/p>\n<p style=\"padding-left: 80px;\">Nul doute que le niveau d'acceptation est encore faible, et donc qu'il l'\u00e9tait davantage encore sur la p\u00e9riode.<\/p>\n<p style=\"padding-left: 80px;\">Si les discours n'ont pas manqu\u00e9 d'emphase, les mesures propos\u00e9es se sont cal\u00e9es sur le niveau d'acceptation.<\/p>\n<p style=\"padding-left: 80px;\">L'unit\u00e9 de compte reste trop approximative (l'empreinte carbone n'est connue que en ordre de grandeur apr\u00e8s 2 ans de retraitements).<\/p>\n<p style=\"padding-left: 80px;\">Si des gains d\u2019efficacit\u00e9 ont \u00e9tait fait, ils ont souvent \u00e9t\u00e9 annihil\u00e9s par l'effet rebond, et l'augmentation de la consommation en g\u00e9n\u00e9ral.<\/p>\n<p style=\"padding-left: 40px;\">Les 30 prochaines ann\u00e9es :<\/p>\n<p style=\"padding-left: 80px;\">Puisque on n'y arrive pas, essayons donc de faire plus : on passe de x 4 \u00e0 x6 .<\/p>\n<p style=\"padding-left: 80px;\">Puisque on ne change pas une m\u00e9thode qui perd, pourquoi ne pas continuer comme avant ?<\/p>\n<\/div>\n<\/div><\/div><\/div><div id=\"pgc-391-2-1\"  class=\"panel-grid-cell panel-grid-cell-empty\" ><\/div><\/div><div id=\"pg-391-3\"  class=\"panel-grid panel-no-style\" ><div id=\"pgc-391-3-0\"  class=\"panel-grid-cell\" ><div id=\"panel-391-3-0-0\" class=\"so-panel widget widget_sow-image panel-first-child panel-last-child\" data-index=\"4\" ><div\n\t\t\t\n\t\t\tclass=\"so-widget-sow-image so-widget-sow-image-default-8b5b6f678277-391\"\n\t\t\t\n\t\t>\n\n<div class=\"sow-image-container\">\n\t\t<img loading=\"lazy\" decoding=\"async\" src=\"https:\/\/idee.gilles.link\/wp-content\/uploads\/2021\/05\/CITEPA_1.jpg\" width=\"817\" height=\"657\" srcset=\"https:\/\/idee.gilles.link\/wp-content\/uploads\/2021\/05\/CITEPA_1.jpg 817w, https:\/\/idee.gilles.link\/wp-content\/uploads\/2021\/05\/CITEPA_1-300x241.jpg 300w, https:\/\/idee.gilles.link\/wp-content\/uploads\/2021\/05\/CITEPA_1-768x618.jpg 768w\" sizes=\"auto, (max-width: 817px) 100vw, 817px\" alt=\"\" \t\tclass=\"so-widget-image\"\/>\n\t<\/div>\n\n<\/div><\/div><\/div><div id=\"pgc-391-3-1\"  class=\"panel-grid-cell\" ><div id=\"panel-391-3-1-0\" class=\"so-panel widget widget_sow-image panel-first-child panel-last-child\" data-index=\"5\" ><div\n\t\t\t\n\t\t\tclass=\"so-widget-sow-image so-widget-sow-image-default-8b5b6f678277-391\"\n\t\t\t\n\t\t>\n\n<div class=\"sow-image-container\">\n\t\t\t<a href=\"https:\/\/www.citepa.org\/fr\/2020_01_a09\/\"\n\t\t\t\t\t>\n\t\t\t<img loading=\"lazy\" decoding=\"async\" src=\"https:\/\/idee.gilles.link\/wp-content\/uploads\/2021\/05\/source.png\" width=\"70\" height=\"70\" sizes=\"auto, (max-width: 70px) 100vw, 70px\" alt=\"\" \t\tclass=\"so-widget-image\"\/>\n\t<\/a><\/div>\n\n<\/div><\/div><\/div><\/div><div id=\"pg-391-4\"  class=\"panel-grid panel-no-style\" ><div id=\"pgc-391-4-0\"  class=\"panel-grid-cell\" ><div id=\"panel-391-4-0-0\" class=\"so-panel widget widget_sow-editor panel-first-child panel-last-child\" data-index=\"6\" ><div\n\t\t\t\n\t\t\tclass=\"so-widget-sow-editor so-widget-sow-editor-base\"\n\t\t\t\n\t\t>\n<div class=\"siteorigin-widget-tinymce textwidget\">\n\t<p>Maj : F\u00e9vrier 2021<\/p>\n<\/div>\n<\/div><\/div><\/div><\/div><\/div>","protected":false},"excerpt":{"rendered":"<p>Changer de m\u00e9thodes La n\u00e9cessit\u00e9 de changer de m\u00e9thodes, c\u2019est le constat que fait souvent Nicolas Hulot. La n\u00e9cessit\u00e9 de changer de paradigme des moyens \u00e0 une obligation de r\u00e9sultat, c\u2019est ce qu\u2019a propos\u00e9 Pierre Calame \u00e0 la convention citoyenne pour le climat. Certains incriminent la volont\u00e9, d\u2019autres l\u2019acceptabilit\u00e9. L\u2019une et l\u2019autre progresse, mais si [&hellip;]<\/p>\n","protected":false},"author":1,"featured_media":0,"parent":98,"menu_order":13,"comment_status":"closed","ping_status":"closed","template":"templates\/template-full-notitle.php","meta":{"footnotes":""},"class_list":["post-391","page","type-page","status-publish","hentry"],"_links":{"self":[{"href":"https:\/\/idee.gilles.link\/index.php\/wp-json\/wp\/v2\/pages\/391","targetHints":{"allow":["GET"]}}],"collection":[{"href":"https:\/\/idee.gilles.link\/index.php\/wp-json\/wp\/v2\/pages"}],"about":[{"href":"https:\/\/idee.gilles.link\/index.php\/wp-json\/wp\/v2\/types\/page"}],"author":[{"embeddable":true,"href":"https:\/\/idee.gilles.link\/index.php\/wp-json\/wp\/v2\/users\/1"}],"replies":[{"embeddable":true,"href":"https:\/\/idee.gilles.link\/index.php\/wp-json\/wp\/v2\/comments?post=391"}],"version-history":[{"count":4,"href":"https:\/\/idee.gilles.link\/index.php\/wp-json\/wp\/v2\/pages\/391\/revisions"}],"predecessor-version":[{"id":1208,"href":"https:\/\/idee.gilles.link\/index.php\/wp-json\/wp\/v2\/pages\/391\/revisions\/1208"}],"up":[{"embeddable":true,"href":"https:\/\/idee.gilles.link\/index.php\/wp-json\/wp\/v2\/pages\/98"}],"wp:attachment":[{"href":"https:\/\/idee.gilles.link\/index.php\/wp-json\/wp\/v2\/media?parent=391"}],"curies":[{"name":"wp","href":"https:\/\/api.w.org\/{rel}","templated":true}]}}