{"id":339,"date":"2021-05-06T14:54:22","date_gmt":"2021-05-06T12:54:22","guid":{"rendered":"https:\/\/idee.gilles.link\/?page_id=339"},"modified":"2023-02-27T09:07:15","modified_gmt":"2023-02-27T08:07:15","slug":"nous","status":"publish","type":"page","link":"https:\/\/idee.gilles.link\/index.php\/infos\/nous\/","title":{"rendered":"Qui Suis je ?"},"content":{"rendered":"<div id=\"pl-339\"  class=\"panel-layout\" ><div id=\"pg-339-0\"  class=\"panel-grid panel-no-style\" ><div id=\"pgc-339-0-0\"  class=\"panel-grid-cell panel-grid-cell-mobile-last\" ><div id=\"panel-339-0-0-0\" class=\"so-panel widget widget_sow-editor panel-first-child panel-last-child\" data-index=\"0\" ><div\n\t\t\t\n\t\t\tclass=\"so-widget-sow-editor so-widget-sow-editor-base\"\n\t\t\t\n\t\t>\n<div class=\"siteorigin-widget-tinymce textwidget\">\n\t<h1>Qui suis-je\u00a0 ?<\/h1>\n<p style=\"padding-left: 40px;\">\u00ab gr\u00e2ce au confinement \u00bb en F\u00e9vrier 2021, j\u2019ai esquiss\u00e9 une reflexion personnelle sur une n\u00e9cessaire comptabilit\u00e9 en unit\u00e9 physique qui pourrait aller jusqu'\u00e0 mesurer nos empreintes.<\/p>\n<p>\u00a0 \u00a0 \u00a0 \u00a0 \u00a0 \u00a0J'ai ensuite cherch\u00e9 \u00e0 collaborer avec d'autres pour co-construire les solutions et les faire connaitre.<\/p>\n<p style=\"padding-left: 40px;\">J'ai d'abord trouv\u00e9 le collectif <a href=\"https:\/\/www.allocationclimat.fr\/\">Allocation Climat<\/a> qui d\u00e9veloppe l'id\u00e9e d'une refacturation entre entreprises pour \"informer\"\u00a0 un budget individuel qui dans sa d\u00e9clinaison ultime contraindra nos achats au respect collectif d'un budget carbone r\u00e9duit d'ann\u00e9e en ann\u00e9e.<\/p>\n<p style=\"padding-left: 40px;\">Tout en poursuivant cette collaboration, j'ai fin 2022, int\u00e9gr\u00e9 un nouveau cercle de b\u00e9n\u00e9vole qui d\u00e9veloppe cette id\u00e9e du <a href=\"https:\/\/carbones-factures.org\/\">Carbone sur facture<\/a> , dans l'id\u00e9e d'en faire un consensus et de f\u00e9d\u00e9rer des pr\u00e9curseurs pour initier son d\u00e9ploiement.<\/p>\n<p>&nbsp;<\/p>\n<p style=\"padding-left: 40px;\">Si en parall\u00e8le de ces travaux <span style=\"color: #008cff;\">collaboratifs<\/span> auxquels j\u2019adh\u00e8re pleinement, je poursuit cette expression personnelle \u00ab Une plan\u00e8te : sur qui compter ? \u00bb,<\/p>\n<p style=\"padding-left: 40px;\">c'est pour mettre au clair ma philosophie personnelle, et pr\u00e9ciser la strat\u00e9gie qui a ma pr\u00e9f\u00e9rence :<\/p>\n<ul>\n<li style=\"list-style-type: none;\">\n<ul>\n<li>je pense que l\u2019on peut trouver un\u00a0 consensus sur la n\u00e9cessit\u00e9 technique d\u2019une telle comptabilit\u00e9 , qui peut d\u00e9boucher \u00e0 terme sur sa mise en \u0153uvre .<\/li>\n<li>Alors que le d\u00e9bat n\u00e9cessaire sur telle ou telle utilisation est beaucoup plus contradictoire, peut faire l\u2019effet de repoussoir et sera vain tant que les pre-requis techniques ne seront pas en route.<\/li>\n<\/ul>\n<\/li>\n<\/ul>\n<p>&nbsp;<\/p>\n<p style=\"padding-left: 40px;\">J\u2019ai un fort int\u00e9r\u00eat pour les sciences de la nature (biologie, \u00e9volution, g\u00e9ologie, \u00e9thologie \u2026) .Une empathie pour le v\u00e9g\u00e9tal\u2026<\/p>\n<p style=\"padding-left: 40px;\">Prompt \u00e0 l\u2019engagement, je souhaite \u00ab faire ma part \u00bb. J\u2019ai choisi de laisser \u00e0 d\u2019autres le r\u00f4le indispensable d\u2019alerte. Je me concentre sur LES solutions.<\/p>\n<p style=\"padding-left: 40px;\">Je suis artisan d'art . Pour me d\u00e9couvrir : <a href=\"https:\/\/atelier.gilles.link\/\">https:\/\/atelier.gilles.link\/<\/a><\/p>\n<p style=\"padding-left: 40px;\">Je suis conseiller communal dans une petite commune.<\/p>\n<p style=\"padding-left: 40px;\">J'ai eu une carri\u00e8re d'ing\u00e9nieur dans l'industrie.<\/p>\n<p style=\"padding-left: 40px;\">Je suis grand-p\u00e8re et p\u00e8re de trois enfants.<\/p>\n<p style=\"padding-left: 40px;\">Gilles Cormary<\/p>\n<\/div>\n<\/div><\/div><\/div><div id=\"pgc-339-0-1\"  class=\"panel-grid-cell panel-grid-cell-empty\" ><\/div><\/div><div id=\"pg-339-1\"  class=\"panel-grid panel-no-style\" ><div id=\"pgc-339-1-0\"  class=\"panel-grid-cell\" ><div id=\"panel-339-1-0-0\" class=\"so-panel widget widget_sow-editor panel-first-child panel-last-child\" data-index=\"1\" ><div\n\t\t\t\n\t\t\tclass=\"so-widget-sow-editor so-widget-sow-editor-base\"\n\t\t\t\n\t\t>\n<div class=\"siteorigin-widget-tinymce textwidget\">\n\t<p>Maj : F\u00e9vrier 2023<\/p>\n<\/div>\n<\/div><\/div><\/div><\/div><div id=\"pg-339-2\"  class=\"panel-grid panel-no-style\" ><div id=\"pgc-339-2-0\"  class=\"panel-grid-cell panel-grid-cell-empty\" ><\/div><div id=\"pgc-339-2-1\"  class=\"panel-grid-cell panel-grid-cell-mobile-last\" ><div id=\"panel-339-2-1-0\" class=\"so-panel widget widget_sow-image panel-first-child panel-last-child\" data-index=\"2\" ><div\n\t\t\t\n\t\t\tclass=\"so-widget-sow-image so-widget-sow-image-default-8b5b6f678277-339\"\n\t\t\t\n\t\t>\n\n<div class=\"sow-image-container\">\n\t\t<img loading=\"lazy\" decoding=\"async\" src=\"https:\/\/idee.gilles.link\/wp-content\/uploads\/2021\/05\/carte_Une-planete_grand.jpg\" width=\"2031\" height=\"1275\" srcset=\"https:\/\/idee.gilles.link\/wp-content\/uploads\/2021\/05\/carte_Une-planete_grand.jpg 2031w, https:\/\/idee.gilles.link\/wp-content\/uploads\/2021\/05\/carte_Une-planete_grand-300x188.jpg 300w, https:\/\/idee.gilles.link\/wp-content\/uploads\/2021\/05\/carte_Une-planete_grand-1024x643.jpg 1024w, https:\/\/idee.gilles.link\/wp-content\/uploads\/2021\/05\/carte_Une-planete_grand-768x482.jpg 768w, https:\/\/idee.gilles.link\/wp-content\/uploads\/2021\/05\/carte_Une-planete_grand-1536x964.jpg 1536w\" sizes=\"auto, (max-width: 2031px) 100vw, 2031px\" title=\"carte_Une plan\u00e8te_grand\" alt=\"\" \t\tclass=\"so-widget-image\"\/>\n\t<\/div>\n\n<\/div><\/div><\/div><div id=\"pgc-339-2-2\"  class=\"panel-grid-cell panel-grid-cell-empty\" ><\/div><\/div><\/div>","protected":false},"excerpt":{"rendered":"<p>Qui suis-je\u00a0 ? \u00ab gr\u00e2ce au confinement \u00bb en F\u00e9vrier 2021, j\u2019ai esquiss\u00e9 une reflexion personnelle sur une n\u00e9cessaire comptabilit\u00e9 en unit\u00e9 physique qui pourrait aller jusqu&rsquo;\u00e0 mesurer nos empreintes. \u00a0 \u00a0 \u00a0 \u00a0 \u00a0 \u00a0J&rsquo;ai ensuite cherch\u00e9 \u00e0 collaborer avec d&rsquo;autres pour co-construire les solutions et les faire connaitre. J&rsquo;ai d&rsquo;abord trouv\u00e9 le collectif [&hellip;]<\/p>\n","protected":false},"author":1,"featured_media":0,"parent":330,"menu_order":10,"comment_status":"closed","ping_status":"closed","template":"templates\/template-full-notitle.php","meta":{"footnotes":""},"class_list":["post-339","page","type-page","status-publish","hentry"],"_links":{"self":[{"href":"https:\/\/idee.gilles.link\/index.php\/wp-json\/wp\/v2\/pages\/339","targetHints":{"allow":["GET"]}}],"collection":[{"href":"https:\/\/idee.gilles.link\/index.php\/wp-json\/wp\/v2\/pages"}],"about":[{"href":"https:\/\/idee.gilles.link\/index.php\/wp-json\/wp\/v2\/types\/page"}],"author":[{"embeddable":true,"href":"https:\/\/idee.gilles.link\/index.php\/wp-json\/wp\/v2\/users\/1"}],"replies":[{"embeddable":true,"href":"https:\/\/idee.gilles.link\/index.php\/wp-json\/wp\/v2\/comments?post=339"}],"version-history":[{"count":4,"href":"https:\/\/idee.gilles.link\/index.php\/wp-json\/wp\/v2\/pages\/339\/revisions"}],"predecessor-version":[{"id":1168,"href":"https:\/\/idee.gilles.link\/index.php\/wp-json\/wp\/v2\/pages\/339\/revisions\/1168"}],"up":[{"embeddable":true,"href":"https:\/\/idee.gilles.link\/index.php\/wp-json\/wp\/v2\/pages\/330"}],"wp:attachment":[{"href":"https:\/\/idee.gilles.link\/index.php\/wp-json\/wp\/v2\/media?parent=339"}],"curies":[{"name":"wp","href":"https:\/\/api.w.org\/{rel}","templated":true}]}}