{"id":179,"date":"2021-05-05T22:58:36","date_gmt":"2021-05-05T20:58:36","guid":{"rendered":"https:\/\/idee.gilles.link\/?page_id=179"},"modified":"2023-02-27T12:46:16","modified_gmt":"2023-02-27T11:46:16","slug":"detail_empreinte","status":"publish","type":"page","link":"https:\/\/idee.gilles.link\/index.php\/etonnement\/detail_empreinte\/","title":{"rendered":"Notre empreinte sur terre"},"content":{"rendered":"<div id=\"pl-179\"  class=\"panel-layout\" ><div id=\"pg-179-0\"  class=\"panel-grid panel-no-style\" ><div id=\"pgc-179-0-0\"  class=\"panel-grid-cell\" ><div id=\"panel-179-0-0-0\" class=\"so-panel widget widget_sow-editor panel-first-child panel-last-child\" data-index=\"0\" ><div\n\t\t\t\n\t\t\tclass=\"so-widget-sow-editor so-widget-sow-editor-base\"\n\t\t\t\n\t\t>\n<div class=\"siteorigin-widget-tinymce textwidget\">\n\t<h1>Notre empreinte sur terre<\/h1>\n<p style=\"padding-left: 40px;\">Lorsque on veut solutionner un probl\u00e8me, on commence par l'\u00e9noncer.<\/p>\n<p style=\"padding-left: 40px;\">Ici je consid\u00e8re comme connu\u00a0 le probl\u00e8me, ses effets, ses causes, son ampleur, son urgence \u2026<\/p>\n<p style=\"padding-left: 40px;\">Si le probl\u00e8me est aujourd'hui reconnu, nous sommes encore loin d'en partager les tenants et les aboutissants.<\/p>\n<p style=\"padding-left: 40px;\">Je voudrais \u00e9viter \u00e0 ce stade de parler de cro\u00eetre ou d\u00e9cro\u00eetre.<\/p>\n<p style=\"padding-left: 40px;\">J'\u00e9vite de parler chiffres (n\u00e9cessaires) pour me concentrer sur la philosophie.<\/p>\n<p style=\"padding-left: 40px;\">L\u2019id\u00e9e forte c\u2019est que il y a la n\u00e9cessit\u00e9 de trouver un <span style=\"color: #008cff;\">\u00e9quilibre<\/span>.<\/p>\n<p style=\"padding-left: 40px;\">Et que si nous n\u2019arrivons pas \u00e0 d\u00e9finir o\u00f9 se situe cet \u00e9quilibre,<\/p>\n<p style=\"padding-left: 40px;\">Nous risquons fort de le d\u00e9passer. Et de la d\u00e9passer toujours plus.<\/p>\n<p style=\"padding-left: 40px;\">Ce que nous disent les sciences de l\u2019\u00e9cologie, c\u2019est que les effets ne sont pas lin\u00e9aires, il y a risque de bascule, d\u2019emballement, \u2026 Ce sont les effets de seuil.<\/p>\n<p style=\"padding-left: 40px;\">Il y a des forces de rappel , mais elles risquent d\u2019\u00eatre violentes.<\/p>\n<p style=\"padding-left: 40px;\">Plus que sur l\u2019ampleur des probl\u00e8mes, j'insisterai sur la question du temps ( l\u2019irr\u00e9versibilit\u00e9 , l\u2019acc\u00e9l\u00e9ration ...) et\u00a0 la question des disparit\u00e9s.<\/p>\n<p style=\"padding-left: 40px;\">Je mettrai en avant la question morale : comment faire des choix dont nous subirons peu les effets,\u00a0 mais que nos petits-enfants devront assumer.<\/p>\n<p style=\"padding-left: 40px;\">L\u2019empreinte \u00e9cologique est une unit\u00e9 de mesure synth\u00e9tique .<\/p>\n<p style=\"padding-left: 40px;\">Il n\u2019est pas si \u00e9vident de comprendre comment elle est vraiment calcul\u00e9e et son calcul peut susciter des d\u00e9bats .<\/p>\n<p style=\"padding-left: 40px;\">Mais sa port\u00e9e symbolique est imm\u00e9diate : elle r\u00e9pond au besoin de savoir ou se situe le point d\u2019\u00e9quilibre entre nos besoins et les ressources de notre plan\u00e8te.<\/p>\n<p style=\"padding-left: 40px;\">On ne peut avancer dans le d\u00e9bat (croissance, d\u00e9croissance \u2026) que si on est \u00e9quip\u00e9 d\u2019une d\u00e9finition , d'une m\u00e9thode d'\u00e9valuation, de pr\u00e9f\u00e9rence scientifique \u2026<\/p>\n<p style=\"padding-left: 40px;\">Que veut dire l\u2019\u00e9cologie verte, la croissance sobre,\u00a0 \u2026. pour les grenouilles, que nous sommes aussi, qui se r\u00e9chauffent lentement mais surement?<\/p>\n<\/div>\n<\/div><\/div><\/div><div id=\"pgc-179-0-1\"  class=\"panel-grid-cell\" ><div id=\"panel-179-0-1-0\" class=\"so-panel widget widget_sow-image panel-first-child panel-last-child\" data-index=\"1\" ><div class=\"panel-widget-style panel-widget-style-for-179-0-1-0\" ><div\n\t\t\t\n\t\t\tclass=\"so-widget-sow-image so-widget-sow-image-default-8b5b6f678277-179\"\n\t\t\t\n\t\t>\n\n<div class=\"sow-image-container\">\n\t\t\t<a href=\"https:\/\/idee.gilles.link\/index.php\/etonnement\/\"\n\t\t\t\t\t>\n\t\t\t<img loading=\"lazy\" decoding=\"async\" src=\"https:\/\/idee.gilles.link\/wp-content\/uploads\/2021\/05\/retour-1.png\" width=\"70\" height=\"70\" sizes=\"auto, (max-width: 70px) 100vw, 70px\" title=\"retour\" alt=\"\" \t\tclass=\"so-widget-image\"\/>\n\t<\/a><\/div>\n\n<\/div><\/div><\/div><\/div><\/div><div id=\"pg-179-1\"  class=\"panel-grid panel-no-style\" ><div id=\"pgc-179-1-0\"  class=\"panel-grid-cell\" ><div id=\"panel-179-1-0-0\" class=\"so-panel widget widget_sow-editor panel-first-child panel-last-child\" data-index=\"2\" ><div\n\t\t\t\n\t\t\tclass=\"so-widget-sow-editor so-widget-sow-editor-base\"\n\t\t\t\n\t\t>\n<div class=\"siteorigin-widget-tinymce textwidget\">\n\t<p>Maj : F\u00e9vrier 2021<\/p>\n<\/div>\n<\/div><\/div><\/div><\/div><\/div>","protected":false},"excerpt":{"rendered":"<p>Notre empreinte sur terre Lorsque on veut solutionner un probl\u00e8me, on commence par l&rsquo;\u00e9noncer. Ici je consid\u00e8re comme connu\u00a0 le probl\u00e8me, ses effets, ses causes, son ampleur, son urgence \u2026 Si le probl\u00e8me est aujourd&rsquo;hui reconnu, nous sommes encore loin d&rsquo;en partager les tenants et les aboutissants. Je voudrais \u00e9viter \u00e0 ce stade de parler [&hellip;]<\/p>\n","protected":false},"author":1,"featured_media":0,"parent":140,"menu_order":12,"comment_status":"closed","ping_status":"closed","template":"templates\/template-full-notitle.php","meta":{"footnotes":""},"class_list":["post-179","page","type-page","status-publish","hentry"],"_links":{"self":[{"href":"https:\/\/idee.gilles.link\/index.php\/wp-json\/wp\/v2\/pages\/179","targetHints":{"allow":["GET"]}}],"collection":[{"href":"https:\/\/idee.gilles.link\/index.php\/wp-json\/wp\/v2\/pages"}],"about":[{"href":"https:\/\/idee.gilles.link\/index.php\/wp-json\/wp\/v2\/types\/page"}],"author":[{"embeddable":true,"href":"https:\/\/idee.gilles.link\/index.php\/wp-json\/wp\/v2\/users\/1"}],"replies":[{"embeddable":true,"href":"https:\/\/idee.gilles.link\/index.php\/wp-json\/wp\/v2\/comments?post=179"}],"version-history":[{"count":3,"href":"https:\/\/idee.gilles.link\/index.php\/wp-json\/wp\/v2\/pages\/179\/revisions"}],"predecessor-version":[{"id":1174,"href":"https:\/\/idee.gilles.link\/index.php\/wp-json\/wp\/v2\/pages\/179\/revisions\/1174"}],"up":[{"embeddable":true,"href":"https:\/\/idee.gilles.link\/index.php\/wp-json\/wp\/v2\/pages\/140"}],"wp:attachment":[{"href":"https:\/\/idee.gilles.link\/index.php\/wp-json\/wp\/v2\/media?parent=179"}],"curies":[{"name":"wp","href":"https:\/\/api.w.org\/{rel}","templated":true}]}}