{"id":175,"date":"2021-05-05T22:53:23","date_gmt":"2021-05-05T20:53:23","guid":{"rendered":"https:\/\/idee.gilles.link\/?page_id=175"},"modified":"2023-02-27T09:10:12","modified_gmt":"2023-02-27T08:10:12","slug":"detail_evidence","status":"publish","type":"page","link":"https:\/\/idee.gilles.link\/index.php\/etonnement\/detail_evidence\/","title":{"rendered":"Une question d\u2019\u00e9vidence"},"content":{"rendered":"<div id=\"pl-175\"  class=\"panel-layout\" ><div id=\"pg-175-0\"  class=\"panel-grid panel-no-style\" ><div id=\"pgc-175-0-0\"  class=\"panel-grid-cell\" ><div id=\"panel-175-0-0-0\" class=\"so-panel widget widget_sow-editor panel-first-child panel-last-child\" data-index=\"0\" ><div\n\t\t\t\n\t\t\tclass=\"so-widget-sow-editor so-widget-sow-editor-base\"\n\t\t\t\n\t\t>\n<div class=\"siteorigin-widget-tinymce textwidget\">\n\t<h1>Une question d\u2019\u00e9vidence<\/h1>\n<p style=\"padding-left: 40px;\">Le but est ici de partager la logique et surtout l\u2019\u00e9tonnement.<\/p>\n<p style=\"padding-left: 40px;\">Pour cela il faut\u00a0 un avertissement pr\u00e9alable :<\/p>\n<p style=\"padding-left: 40px;\">Beaucoup vont peut-\u00eatre buter sur telle ou telle assertion (sa formulation ou sa v\u00e9racit\u00e9, \u2026)<\/p>\n<p style=\"padding-left: 40px;\">Cela\u00a0 vous emp\u00eacherait alors\u00a0 de voir la logique qui op\u00e8re ici.<\/p>\n<p style=\"padding-left: 40px;\">N'y a t'il pour vos aucun doute raisonnable que l\u2019assertion puisse \u00eatre vraie en tout ou partie ?<\/p>\n<p style=\"padding-left: 40px;\">Admettre ce doute, c'est adopter la strat\u00e9gie du <span style=\"color: #008cff;\">moindre regret<\/span> .<\/p>\n<p style=\"padding-left: 40px;\">D\u2019autant que les solutions, quelle qu\u2019elles soient, prennent du temps \u00e0 \u00eatre mise en \u0153uvre.<\/p>\n<p style=\"padding-left: 40px;\">La disposition d\u2019esprit c\u2019est \u00ab Si on devait agir , quelles seraient les solutions de la raison \u00bb<\/p>\n<p style=\"padding-left: 40px;\">le but est de mettre en avant la logique pour mieux s\u2019\u00e9tonner qu\u2019elle ne soit pas davantage suivie.<\/p>\n<p style=\"padding-left: 40px;\">Cette prudence dans la pr\u00e9sentation n\u2019a pas pour but de m\u00e9nager , d\u2019\u00e9viter de s\u2019affronter aux difficult\u00e9s, ou plut\u00f4t elle vise \u00e0 pr\u00e9server notre \u00e9nergie au moment de\u00a0 travailler aux solutions.<\/p>\n<p style=\"padding-left: 40px;\">On peut passer un peu de temps a examiner quelles sont les solutions possibles ou existantes pour une mise en \u0153uvre de respect collective des limites.<\/p>\n<p style=\"padding-left: 40px;\">On peut les trouver dans les comptabilit\u00e9s des entreprises, des territoires, nationale, de la gestion des communs, \u2026<\/p>\n<p style=\"padding-left: 40px;\">On peut aussi commencer \u00e0 s\u2019interroger sur la diff\u00e9rences entre les solutions qui ne mettent en \u0153uvre qu\u2019une obligation de moyens et sur celles qui d\u00e9finissent une obligation de r\u00e9sultat.<\/p>\n<p style=\"padding-left: 40px;\">Pour insister sur la dualit\u00e9 collectif\/individuel, on peut faire l\u2019analogie avec la gestion de la performance dans une \u00e9quipe, par exemple en entreprise.<\/p>\n<p style=\"padding-left: 40px;\">Suivant la nature des taches et de la performance attendue, il est bien des cas ou on n\u2019envisagerait pas de ne pousser \u00e0 la performance individuelle d\u00fbment chiffr\u00e9e et challeng\u00e9e :<\/p>\n<p style=\"padding-left: 40px;\">y a-t-il des commerciaux dans la salle pour t\u00e9moigner ?<\/p>\n<p style=\"padding-left: 40px;\">Il y a un autre argument puissant pour un suivi individuel. Je ne ferais ici que l\u2019\u00e9voquer vu tous les d\u00e9veloppements qu\u2019elle n\u00e9cessite. Dans le cas d\u2019un objectif global comme le r\u00e9chauffement, pour une obligation de r\u00e9sultat, la question de la r\u00e9partition de l\u2019effort entre territoires, organisation est tr\u00e8s d\u00e9licate , alors que elle est beaucoup plus \u00e9vidente ramen\u00e9e \u00e0 l\u2019individu. Et c\u2019est alors l\u2019individu qui \u00ab\u00a0demande\u00a0\u00bb les efforts aux organisations (top -&gt; down -&gt; top)<\/p>\n<p style=\"padding-left: 40px;\">Il n\u2019est pas simple de partager que cette voie des limites individuelles n\u2019est pas ou peu d\u00e9j\u00e0 emprunt\u00e9e ou explor\u00e9e . Et d\u2019ailleurs je n\u2019en suis sur. J'intuite qu'elle a \u00e9t\u00e9 \u00e9voqu\u00e9e \u00e0 plusieurs reprises mais plus son l'angle de son utilisation que de sa faisabilit\u00e9 \u00e0 produire des chiffres solides.<\/p>\n<p style=\"padding-left: 40px;\">Comme on manie d\u00e9j\u00e0 beaucoup de concept peu d\u00e9finis et de chiffres dans tous les sens , sur ce sujet l\u00e0 aussi, j\u2019ai facilement la r\u00e9action \u00ab\u00a0mais on le fait d\u00e9j\u00e0\u00a0\u00bb, d\u2019autant que n\u2019ayant pas encore expliqu\u00e9 la fa\u00e7on de le faire, on peut facilement confondre. Je ferais ult\u00e9rieurement un comparatif des diff\u00e9rentes approches et objectifs.<\/p>\n<p style=\"padding-left: 40px;\">Je signale que cette id\u00e9e est explicitement cit\u00e9e comme la quatri\u00e8me proposition parmi les 35 du manifeste \u00ab retour sur terre \u00bb de D.Bourg etc. Je ne sais pas encore jusqu\u2019o\u00f9 elle a \u00e9t\u00e9 d\u00e9velopp\u00e9e.<\/p>\n<p style=\"padding-left: 40px;\">En France, un d\u00e9veloppement proche est en cours (03\/2021)\u00a0 avec l\u2019initiative <a href=\"https:\/\/www.comptecarbone.org\/\">compte carbone<\/a>.<\/p>\n<p style=\"padding-left: 40px;\">Quand je pose ici la question \u00ab\u00a0pourquoi ne s\u2019impose t-on pas des limites individuelles\u00a0\u00bb , je veux demander \u00ab\u00a0pourquoi n\u2019explore t-on pas cette voie\u00a0\u00bb et non pas \u00ab\u00a0pourquoi cette voie est refus\u00e9e (par avance)\u00a0\u00bb. Je ne vois pas de formulation qui permette clairement de faire la diff\u00e9rence de ce qui est de toute fa\u00e7on m\u00eal\u00e9.<\/p>\n<p style=\"padding-left: 40px;\">Mais une fois la question pos\u00e9e, on peut y revenir par exemple avec \u00ab\u00a0on ne peut critiquer que ce qui est clairement d\u00e9fini\u00a0\u00bb , \u00ab\u00a0Si c\u2019est \u00e0 la hauteur du probl\u00e8me, doit t-on s\u2019arr\u00eater \u00e0 la suppos\u00e9e difficult\u00e9 de la tache\u00a0\u00bb, \u2026<\/p>\n<\/div>\n<\/div><\/div><\/div><div id=\"pgc-175-0-1\"  class=\"panel-grid-cell\" ><div id=\"panel-175-0-1-0\" class=\"so-panel widget widget_sow-image panel-first-child panel-last-child\" data-index=\"1\" ><div\n\t\t\t\n\t\t\tclass=\"so-widget-sow-image so-widget-sow-image-default-8b5b6f678277-175\"\n\t\t\t\n\t\t>\n\n<div class=\"sow-image-container\">\n\t\t\t<a href=\"https:\/\/idee.gilles.link\/index.php\/etonnement\/\"\n\t\t\t\t\t>\n\t\t\t<img loading=\"lazy\" decoding=\"async\" src=\"https:\/\/idee.gilles.link\/wp-content\/uploads\/2021\/05\/retour-1.png\" width=\"70\" height=\"70\" sizes=\"auto, (max-width: 70px) 100vw, 70px\" title=\"retour\" alt=\"\" \t\tclass=\"so-widget-image\"\/>\n\t<\/a><\/div>\n\n<\/div><\/div><\/div><\/div><div id=\"pg-175-1\"  class=\"panel-grid panel-no-style\" ><div id=\"pgc-175-1-0\"  class=\"panel-grid-cell\" ><div id=\"panel-175-1-0-0\" class=\"so-panel widget widget_sow-editor panel-first-child panel-last-child\" data-index=\"2\" ><div\n\t\t\t\n\t\t\tclass=\"so-widget-sow-editor so-widget-sow-editor-base\"\n\t\t\t\n\t\t>\n<div class=\"siteorigin-widget-tinymce textwidget\">\n\t<p>Maj : F\u00e9vrier 2021<\/p>\n<\/div>\n<\/div><\/div><\/div><\/div><\/div>","protected":false},"excerpt":{"rendered":"<p>Une question d\u2019\u00e9vidence Le but est ici de partager la logique et surtout l\u2019\u00e9tonnement. Pour cela il faut\u00a0 un avertissement pr\u00e9alable : Beaucoup vont peut-\u00eatre buter sur telle ou telle assertion (sa formulation ou sa v\u00e9racit\u00e9, \u2026) Cela\u00a0 vous emp\u00eacherait alors\u00a0 de voir la logique qui op\u00e8re ici. N&rsquo;y a t&rsquo;il pour vos aucun doute [&hellip;]<\/p>\n","protected":false},"author":1,"featured_media":0,"parent":140,"menu_order":13,"comment_status":"closed","ping_status":"closed","template":"templates\/template-full-notitle.php","meta":{"footnotes":""},"class_list":["post-175","page","type-page","status-publish","hentry"],"_links":{"self":[{"href":"https:\/\/idee.gilles.link\/index.php\/wp-json\/wp\/v2\/pages\/175","targetHints":{"allow":["GET"]}}],"collection":[{"href":"https:\/\/idee.gilles.link\/index.php\/wp-json\/wp\/v2\/pages"}],"about":[{"href":"https:\/\/idee.gilles.link\/index.php\/wp-json\/wp\/v2\/types\/page"}],"author":[{"embeddable":true,"href":"https:\/\/idee.gilles.link\/index.php\/wp-json\/wp\/v2\/users\/1"}],"replies":[{"embeddable":true,"href":"https:\/\/idee.gilles.link\/index.php\/wp-json\/wp\/v2\/comments?post=175"}],"version-history":[{"count":3,"href":"https:\/\/idee.gilles.link\/index.php\/wp-json\/wp\/v2\/pages\/175\/revisions"}],"predecessor-version":[{"id":1176,"href":"https:\/\/idee.gilles.link\/index.php\/wp-json\/wp\/v2\/pages\/175\/revisions\/1176"}],"up":[{"embeddable":true,"href":"https:\/\/idee.gilles.link\/index.php\/wp-json\/wp\/v2\/pages\/140"}],"wp:attachment":[{"href":"https:\/\/idee.gilles.link\/index.php\/wp-json\/wp\/v2\/media?parent=175"}],"curies":[{"name":"wp","href":"https:\/\/api.w.org\/{rel}","templated":true}]}}