{"id":132,"date":"2021-05-05T20:29:23","date_gmt":"2021-05-05T18:29:23","guid":{"rendered":"https:\/\/idee.gilles.link\/?page_id=132"},"modified":"2023-12-05T13:36:27","modified_gmt":"2023-12-05T12:36:27","slug":"accueil","status":"publish","type":"page","link":"https:\/\/idee.gilles.link\/","title":{"rendered":"accueil"},"content":{"rendered":"<div id=\"pl-132\"  class=\"panel-layout\" ><div id=\"pg-132-0\"  class=\"panel-grid panel-no-style\" ><div id=\"pgc-132-0-0\"  class=\"panel-grid-cell panel-grid-cell-mobile-last\" ><div id=\"panel-132-0-0-0\" class=\"so-panel widget widget_sow-editor panel-first-child panel-last-child\" data-index=\"0\" ><div\n\t\t\t\n\t\t\tclass=\"so-widget-sow-editor so-widget-sow-editor-base\"\n\t\t\t\n\t\t>\n<div class=\"siteorigin-widget-tinymce textwidget\">\n\t<p>Proposition pour une comptabilit\u00e9 <span style=\"color: #008cff;\">individuelle<\/span> en unit\u00e9s <span style=\"color: #008cff;\">physiques<\/span> *.<\/p>\n<p>D'o\u00f9 vient cette id\u00e9e ? Tout commence par une question :<\/p>\n<h1><span style=\"color: #008cff;\">Une<\/span> plan\u00e8te : sur <span style=\"color: #008cff;\">Qui<\/span> compter ?<\/h1>\n<\/div>\n<\/div><\/div><\/div><div id=\"pgc-132-0-1\"  class=\"panel-grid-cell panel-grid-cell-empty\" ><\/div><\/div><div id=\"pg-132-1\"  class=\"panel-grid panel-no-style\" ><div id=\"pgc-132-1-0\"  class=\"panel-grid-cell panel-grid-cell-empty\" ><\/div><div id=\"pgc-132-1-1\"  class=\"panel-grid-cell panel-grid-cell-mobile-last\" ><div id=\"panel-132-1-1-0\" class=\"so-panel widget widget_sow-image panel-first-child panel-last-child\" data-index=\"1\" ><div\n\t\t\t\n\t\t\tclass=\"so-widget-sow-image so-widget-sow-image-default-8b5b6f678277-132\"\n\t\t\t\n\t\t>\n\n<div class=\"sow-image-container\">\n\t\t<img loading=\"lazy\" decoding=\"async\" src=\"https:\/\/idee.gilles.link\/wp-content\/uploads\/2021\/05\/Une-planete-_-sur-qui-compter.png\" width=\"91\" height=\"91\" sizes=\"auto, (max-width: 91px) 100vw, 91px\" title=\"Une plan\u00e8te _ sur qui compter\" alt=\"\" \t\tclass=\"so-widget-image\"\/>\n\t<\/div>\n\n<\/div><\/div><\/div><div id=\"pgc-132-1-2\"  class=\"panel-grid-cell panel-grid-cell-empty\" ><\/div><\/div><div id=\"pg-132-2\"  class=\"panel-grid panel-no-style\" ><div id=\"pgc-132-2-0\"  class=\"panel-grid-cell panel-grid-cell-mobile-last\" ><div id=\"panel-132-2-0-0\" class=\"so-panel widget widget_sow-editor panel-first-child panel-last-child\" data-index=\"2\" ><div\n\t\t\t\n\t\t\tclass=\"so-widget-sow-editor so-widget-sow-editor-base\"\n\t\t\t\n\t\t>\n<div class=\"siteorigin-widget-tinymce textwidget\">\n\t<p style=\"padding-left: 40px;\">Les scientifiques\u00a0 nous ont alert\u00e9s. Trouvons le courage de trouver les solutions.<\/p>\n<p style=\"padding-left: 40px;\">En examinant les solutions , je m'\u00e9tonne -&gt; <a href=\"https:\/\/idee.gilles.link\/index.php\/etonnement\/\">\u00c9tonnement<\/a><\/p>\n<p style=\"padding-left: 40px;\">Cette question du\u00a0<span class=\"has-inline-color has-vivid-red-color\" style=\"color: #008cff;\">QUI<\/span>, de la responsabilit\u00e9, on ne pourra l'\u00e9viter . Je me la pose -&gt; <a href=\"https:\/\/idee.gilles.link\/index.php\/vision\/\">Vision<\/a><\/p>\n<p style=\"padding-left: 40px;\">Pour savoir\u00a0 <span class=\"has-inline-color has-vivid-red-color\" style=\"color: #008cff;\">QUOI<\/span>\u00a0et<span class=\"has-inline-color has-vivid-red-color\">\u00a0<span style=\"color: #008cff;\">COMMENT<\/span><\/span> compter, voici ce que je propose-&gt; <a href=\"https:\/\/idee.gilles.link\/index.php\/proposition\/\">Proposition<\/a> et <a href=\"https:\/\/idee.gilles.link\/index.php\/directrices\/\">Lignes directrices<\/a><\/p>\n<p style=\"padding-left: 40px;\">(* A ce stade c'est surtout l'unit\u00e9 <span class=\"has-inline-color has-vivid-red-color\" style=\"color: #008cff;\">kg CO2 eq<\/span> qui a \u00e9t\u00e9 \u00e9tudi\u00e9e.)<\/p>\n<p>&nbsp;<\/p>\n<p>Mon viatique :<\/p>\n<p class=\"sm\">\u00a0 \u00a0 \u00a0 \u00a0 \u00a0\" L' <span style=\"color: #008cff;\">Espoir<\/span> est un \u00e9tat d'esprit (...) C'est une orientation de l'esprit et du coeur (...)<\/p>\n<p class=\"sm\">\u00a0 \u00a0 \u00a0 \u00a0 \u00a0 Ce n'est pas la conviction qu'une chose aura une issue favorable,<\/p>\n<p class=\"sm\">\u00a0 \u00a0 \u00a0 \u00a0 \u00a0 \u00a0mais la certitude que cette chose a un sens, quoi qu'il advienne.\"<\/p>\n<p class=\"auteur\">\u00a0 \u00a0 \u00a0 \u00a0 \u00a0 Vaclav Havel<\/p>\n<p style=\"padding-left: 120px;\">\n<\/div>\n<\/div><\/div><\/div><div id=\"pgc-132-2-1\"  class=\"panel-grid-cell panel-grid-cell-empty\" ><\/div><\/div><div id=\"pg-132-3\"  class=\"panel-grid panel-no-style\" ><div id=\"pgc-132-3-0\"  class=\"panel-grid-cell\" ><div id=\"panel-132-3-0-0\" class=\"so-panel widget widget_sow-editor panel-first-child panel-last-child\" data-index=\"3\" ><div\n\t\t\t\n\t\t\tclass=\"so-widget-sow-editor so-widget-sow-editor-base\"\n\t\t\t\n\t\t>\n<div class=\"siteorigin-widget-tinymce textwidget\">\n\t<p>Comment se positionne la m\u00e9thode propos\u00e9e<span style=\"color: #008cff;\"> Re(f)act<\/span> ? Du cot\u00e9 des solutions !<\/p>\n<\/div>\n<\/div><\/div><\/div><div id=\"pgc-132-3-1\"  class=\"panel-grid-cell\" ><div id=\"panel-132-3-1-0\" class=\"so-panel widget widget_sow-image panel-first-child panel-last-child\" data-index=\"4\" ><div\n\t\t\t\n\t\t\tclass=\"so-widget-sow-image so-widget-sow-image-default-c67d20f9f743-132\"\n\t\t\t\n\t\t>\n\n<div class=\"sow-image-container\">\n\t\t\t<a href=\"https:\/\/idee.gilles.link\/index.php\/accueil\/refact-cest-ou\/\"\n\t\t\t\t\t>\n\t\t\t<img loading=\"lazy\" decoding=\"async\" src=\"https:\/\/idee.gilles.link\/wp-content\/uploads\/2021\/05\/notes-1.png\" width=\"70\" height=\"70\" sizes=\"auto, (max-width: 70px) 100vw, 70px\" title=\"notes\" alt=\"\" \t\tclass=\"so-widget-image\"\/>\n\t<\/a><\/div>\n\n<\/div><\/div><\/div><\/div><div id=\"pg-132-4\"  class=\"panel-grid panel-no-style\" ><div id=\"pgc-132-4-0\"  class=\"panel-grid-cell\" ><div id=\"panel-132-4-0-0\" class=\"so-panel widget widget_sow-editor panel-first-child panel-last-child\" data-index=\"5\" ><div\n\t\t\t\n\t\t\tclass=\"so-widget-sow-editor so-widget-sow-editor-base\"\n\t\t\t\n\t\t>\n<div class=\"siteorigin-widget-tinymce textwidget\">\n\t<p>Maj : F\u00e9vrier 2021<\/p>\n<\/div>\n<\/div><\/div><\/div><\/div><\/div>","protected":false},"excerpt":{"rendered":"<p>Proposition pour une comptabilit\u00e9 individuelle en unit\u00e9s physiques *. D&rsquo;o\u00f9 vient cette id\u00e9e ? Tout commence par une question : Une plan\u00e8te : sur Qui compter ?<\/p>\n","protected":false},"author":1,"featured_media":0,"parent":0,"menu_order":10,"comment_status":"closed","ping_status":"closed","template":"home-panels.php","meta":{"footnotes":""},"class_list":["post-132","page","type-page","status-publish","hentry"],"_links":{"self":[{"href":"https:\/\/idee.gilles.link\/index.php\/wp-json\/wp\/v2\/pages\/132","targetHints":{"allow":["GET"]}}],"collection":[{"href":"https:\/\/idee.gilles.link\/index.php\/wp-json\/wp\/v2\/pages"}],"about":[{"href":"https:\/\/idee.gilles.link\/index.php\/wp-json\/wp\/v2\/types\/page"}],"author":[{"embeddable":true,"href":"https:\/\/idee.gilles.link\/index.php\/wp-json\/wp\/v2\/users\/1"}],"replies":[{"embeddable":true,"href":"https:\/\/idee.gilles.link\/index.php\/wp-json\/wp\/v2\/comments?post=132"}],"version-history":[{"count":4,"href":"https:\/\/idee.gilles.link\/index.php\/wp-json\/wp\/v2\/pages\/132\/revisions"}],"predecessor-version":[{"id":1585,"href":"https:\/\/idee.gilles.link\/index.php\/wp-json\/wp\/v2\/pages\/132\/revisions\/1585"}],"wp:attachment":[{"href":"https:\/\/idee.gilles.link\/index.php\/wp-json\/wp\/v2\/media?parent=132"}],"curies":[{"name":"wp","href":"https:\/\/api.w.org\/{rel}","templated":true}]}}